{"id":8759,"date":"2025-04-02T08:47:23","date_gmt":"2025-04-02T06:47:23","guid":{"rendered":"https:\/\/www.stiftung-mbf.ch\/kinder-jugendliche\/"},"modified":"2026-03-27T14:05:42","modified_gmt":"2026-03-27T13:05:42","slug":"kinder-jugendliche","status":"publish","type":"page","link":"https:\/\/www.stiftung-mbf.ch\/ls\/kinder-jugendliche\/","title":{"rendered":"Kinder + junge Menschen"},"content":{"rendered":"\n\n<section id=\"block-header-block_549d38e66bb0ded5c5959d20652b128d\" class=\"block block-header pt- hero-text-image\">\n    \n\n    <div class=\"container fullbleed\">\n        <div class=\"block-header_inner\">\n            <div class=\"block-header_content ohne-logo\">\n                \n                <div class=\"contents\">\n                                            <div class=\"block-header_title\">\n                            <h1 class=\"heading-1 color-default\">Lernen und Ausbildung<br \/>\r\nf\u00fcr Kinder und junge Menschen mit Unterst\u00fctzungs-Bedarf<\/h1>\n                        <\/div>\n                    \n                                            <div class=\"block-header_lead typo-lead text-editor\">   <\/div>\n                     \n                <\/div>\n\n                \n    <div class=\"language-toggle\">\n        <label class=\"switch\">\n            <input type=\"checkbox\"\n                   id=\"languageSwitch\"\n                                      data-default-url=\"https:\/\/www.stiftung-mbf.ch\/kinder-jugendliche\/\"\n                   data-leicht-url=\"https:\/\/www.stiftung-mbf.ch\/ls\/kinder-jugendliche\/\"\n            \/>\n            <span class=\"slider\" id=\"languageSlider\">\n                <span class=\"toggle-label\">\n                    <span class=\"switch-lang\">\n                        Leichte Sprache                    <\/span>\n                    <svg width=\"24\" height=\"24\" viewBox=\"0 0 24 24\" fill=\"none\" xmlns=\"http:\/\/www.w3.org\/2000\/svg\">\n<g id=\"check 1\">\n<path id=\"Vector\" d=\"M5 13L9 17L19 7\" stroke=\"white\" stroke-width=\"2\" stroke-linecap=\"round\" stroke-linejoin=\"round\"\/>\n<\/g>\n<\/svg>\n                <\/span>\n            <\/span>\n        <\/label>\n    <\/div>\n\n                <div class=\"hidden-mobile breadcrumb-box\"><nav class=\"breadcrumb\" aria-label=\"Breadcrumb\"><ol><li class=\"breadcrumb-item breadcrumb-home\"><a href=\"https:\/\/www.stiftung-mbf.ch\/ls\/\"><svg width=\"24\" height=\"25\" viewBox=\"0 0 24 25\" fill=\"none\" xmlns=\"http:\/\/www.w3.org\/2000\/svg\">\n<g id=\"lucide\/house\">\n<path id=\"Vector\" d=\"M15 21.5V13.5C15 13.2348 14.8946 12.9804 14.7071 12.7929C14.5196 12.6053 14.2652 12.5 14 12.5H10C9.73478 12.5 9.48043 12.6053 9.29289 12.7929C9.10536 12.9804 9 13.2348 9 13.5V21.5M3 10.5C2.99993 10.209 3.06333 9.92159 3.18579 9.65768C3.30824 9.39378 3.4868 9.15976 3.709 8.97197L10.709 2.97297C11.07 2.66788 11.5274 2.50049 12 2.50049C12.4726 2.50049 12.93 2.66788 13.291 2.97297L20.291 8.97197C20.5132 9.15976 20.6918 9.39378 20.8142 9.65768C20.9367 9.92159 21.0001 10.209 21 10.5V19.5C21 20.0304 20.7893 20.5391 20.4142 20.9142C20.0391 21.2893 19.5304 21.5 19 21.5H5C4.46957 21.5 3.96086 21.2893 3.58579 20.9142C3.21071 20.5391 3 20.0304 3 19.5V10.5Z\" stroke=\"#999999\" stroke-width=\"2\" stroke-linecap=\"round\" stroke-linejoin=\"round\"\/>\n<\/g>\n<\/svg>\n<span class=\"sr-only\">Home<\/span><\/a><\/li> <span class=\"breadcrumb-sep\">\u00bb<\/span> <\/ol><\/nav><\/div>            <\/div>\n\n                        <div class=\"block-header_image\">\n                        <picture>\n            <source srcset=\"https:\/\/www.stiftung-mbf.ch\/wp-content\/uploads\/2025\/09\/Stiftung-MBF-21-972x648.jpg\" media=\"(max-width:768px)\">\n            <source srcset=\"https:\/\/www.stiftung-mbf.ch\/wp-content\/uploads\/2025\/09\/Stiftung-MBF-21-1944x1296.jpg\" media=\"(min-width:769px)\">\n            <img class=\"focus-srcset-img\"\n                 decoding=\"async\"\n                 loading=\"lazy\"\n                 src=\"https:\/\/www.stiftung-mbf.ch\/wp-content\/uploads\/2025\/09\/Stiftung-MBF-21-1944x1296.jpg\"\n                                  alt=\"Kind und Betreuerin lachen beim Schreiben im Klassenzimmer \u2013 gelebte Teilhabe.\"\n                 style=\"object-position: 50% 50%;\">\n        <\/picture>\n                    <\/div>\n            \n             \n\n            <div class=\"hidden-desktop breadcrumb-box\"><nav class=\"breadcrumb\" aria-label=\"Breadcrumb\"><ol><li class=\"breadcrumb-item breadcrumb-home\"><a href=\"https:\/\/www.stiftung-mbf.ch\/ls\/\"><svg width=\"24\" height=\"25\" viewBox=\"0 0 24 25\" fill=\"none\" xmlns=\"http:\/\/www.w3.org\/2000\/svg\">\n<g id=\"lucide\/house\">\n<path id=\"Vector\" d=\"M15 21.5V13.5C15 13.2348 14.8946 12.9804 14.7071 12.7929C14.5196 12.6053 14.2652 12.5 14 12.5H10C9.73478 12.5 9.48043 12.6053 9.29289 12.7929C9.10536 12.9804 9 13.2348 9 13.5V21.5M3 10.5C2.99993 10.209 3.06333 9.92159 3.18579 9.65768C3.30824 9.39378 3.4868 9.15976 3.709 8.97197L10.709 2.97297C11.07 2.66788 11.5274 2.50049 12 2.50049C12.4726 2.50049 12.93 2.66788 13.291 2.97297L20.291 8.97197C20.5132 9.15976 20.6918 9.39378 20.8142 9.65768C20.9367 9.92159 21.0001 10.209 21 10.5V19.5C21 20.0304 20.7893 20.5391 20.4142 20.9142C20.0391 21.2893 19.5304 21.5 19 21.5H5C4.46957 21.5 3.96086 21.2893 3.58579 20.9142C3.21071 20.5391 3 20.0304 3 19.5V10.5Z\" stroke=\"#999999\" stroke-width=\"2\" stroke-linecap=\"round\" stroke-linejoin=\"round\"\/>\n<\/g>\n<\/svg>\n<span class=\"sr-only\">Home<\/span><\/a><\/li> <span class=\"breadcrumb-sep\">\u00bb<\/span> <\/ol><\/nav><\/div>        <\/div>\n\n            <\/div>\n\n\n<\/section>\n\n\n\n<section id=\"block-leichtesprache-block_b8661fb6f79d9915ac5e46a8ce653309\" class=\"block block-leichtesprache pt-lg pb-lg\">\n    <div class=\"container\">\n        <div class=\"block-leichtesprache_inner\">\n                        <div class=\"block-leichtesprache_title pb-sm\">\n                <h2 class=\"heading-2\">F\u00fcr Kinder und jungen Menschen mit Unterst\u00fctzungs-Bedarf<\/h2>\n            <\/div>\n            \n                                                <article class=\"block-leichtesprache_content\">\n                                                <div class=\"block-leichtesprache_icons\">\n                                                            <div class=\"block-leichtesprache_icons_icon\">        <picture>\n            <source srcset=\"https:\/\/www.stiftung-mbf.ch\/wp-content\/uploads\/2026\/03\/MBF-Icon-lernen-3-400x400.jpg\" media=\"(max-width:768px)\">\n            <source srcset=\"https:\/\/www.stiftung-mbf.ch\/wp-content\/uploads\/2026\/03\/MBF-Icon-lernen-3-800x800.jpg\" media=\"(min-width:769px)\">\n            <img class=\"focus-srcset-img\"\n                 decoding=\"async\"\n                 loading=\"lazy\"\n                 src=\"https:\/\/www.stiftung-mbf.ch\/wp-content\/uploads\/2026\/03\/MBF-Icon-lernen-3-800x800.jpg\"\n                                  alt=\"MBF-Icon-lernen-3\"\n                 style=\"object-position: 50% 50%;\">\n        <\/picture>\n        <\/div>\n                                                            <div class=\"block-leichtesprache_icons_icon\">        <picture>\n            <source srcset=\"https:\/\/www.stiftung-mbf.ch\/wp-content\/uploads\/2026\/03\/MBF-Icon-Ausbildung-HPS-400x400.jpg\" media=\"(max-width:768px)\">\n            <source srcset=\"https:\/\/www.stiftung-mbf.ch\/wp-content\/uploads\/2026\/03\/MBF-Icon-Ausbildung-HPS-800x800.jpg\" media=\"(min-width:769px)\">\n            <img class=\"focus-srcset-img\"\n                 decoding=\"async\"\n                 loading=\"lazy\"\n                 src=\"https:\/\/www.stiftung-mbf.ch\/wp-content\/uploads\/2026\/03\/MBF-Icon-Ausbildung-HPS-800x800.jpg\"\n                                  alt=\"MBF Icon Ausbildung HPS\"\n                 style=\"object-position: 50% 50%;\">\n        <\/picture>\n        <\/div>\n                                                    <\/div>\n                        \n                        <div class=\"block-leichtesprache_text text-editor\">\n                            \n                            <p data-start=\"1363\" data-end=\"1518\">Die Stiftung MBF begleitet Kinder und jungen Menschen mit Unterst\u00fctzungs-Bedarf.<br data-start=\"1430\" data-end=\"1433\" \/>Die Begleitung beginnt in der Schule.<br data-start=\"1470\" data-end=\"1473\" \/>Die Begleitung geht bis zur Berufs-Bildung.<\/p>\n<p data-start=\"1520\" data-end=\"1650\">Die Stiftung MBF st\u00e4rkt F\u00e4higkeiten.<br data-start=\"1556\" data-end=\"1559\" \/>Die Stiftung MBF hilft beim Lernen.<br data-start=\"1594\" data-end=\"1597\" \/>Die Stiftung MBF schafft Perspektiven f\u00fcr Teilhabe.<\/p>\n<p data-start=\"1652\" data-end=\"1728\">Teilhabe bedeutet:<br data-start=\"1671\" data-end=\"1674\" \/>Alle Menschen machen mit in der Schule und im Beruf.<\/p>\n\n                                                    <\/div>\n                        <\/article>\n                                    <\/div>\n    <\/div>\n<\/section>\n\n\n\n<section id=\"block-bildtext-block_2130d31f36b0465795b09495a620bbf2\" class=\"block block-bildtext pt-lg pb-lg bg-beige image-left\">\n    <div class=\"container\">\n        <div class=\"block-bildtext_inner\">\n            \n            \n            <div class=\"block-bildtext_image\">\n                                    <a href=\"https:\/\/www.stiftung-mbf.ch\/ls\/kinder-jugendliche\/hps-fricktal\/\" target=\"_self\">\n                                            <picture>\n            <source srcset=\"https:\/\/www.stiftung-mbf.ch\/wp-content\/uploads\/2025\/11\/Stiftung-MBF-138-754x503.jpg\" media=\"(max-width:768px)\">\n            <source srcset=\"https:\/\/www.stiftung-mbf.ch\/wp-content\/uploads\/2025\/11\/Stiftung-MBF-138-1508x1005.jpg\" media=\"(min-width:769px)\">\n            <img class=\"focus-srcset-img\"\n                 decoding=\"async\"\n                 loading=\"lazy\"\n                 src=\"https:\/\/www.stiftung-mbf.ch\/wp-content\/uploads\/2025\/11\/Stiftung-MBF-138-1508x1005.jpg\"\n                                  alt=\"Klasse der HPS Fricktal im gemeinsamen Unterricht \u2013 strukturierter Lernalltag f\u00fcr Kinder mit Unterst\u00fctzungsbedarf.\"\n                 style=\"object-position: 50% 50%;\">\n        <\/picture>\n                                            <\/a>\n                            <\/div>\n           \n            <div class=\"block-bildtext_content bg-default\">\n                                    <h2 class=\"heading-3\">Heil-P\u00e4dagogische Schule Frick-Tal<\/h2>\n                \n                <article class=\"content text-editor\">\n                    <p>Eine Heilp\u00e4dago-gische Schule ist eine Schule f\u00fcr Kinder mit Unterst\u00fctzungs-Bedarf.<br data-start=\"766\" data-end=\"769\" \/>Die Kinder und junge Erwachsene bekommen dort besondere Hilfe beim Lernen.<br \/>\nDie Heilp\u00e4dagogische Schule Fricktal heisst kurz HPS Fricktal.<br data-start=\"161\" data-end=\"164\" \/>In der HPS Fricktal lernen rund 100 Kinder und junge Erwachsene.<\/p>\n<div class=\"buttons\">                                    <a class=\"button arrow\" href=\"https:\/\/www.stiftung-mbf.ch\/ls\/kinder-jugendliche\/hps-fricktal\/\" target=\"_self\">Mehr erfahren <?xml version=\"1.0\" encoding=\"UTF-8\"?>\n<svg id=\"Ebene_1\" xmlns=\"http:\/\/www.w3.org\/2000\/svg\" version=\"1.1\" viewBox=\"0 0 24 25\">\n  <!-- Generator: Adobe Illustrator 29.4.0, SVG Export Plug-In . SVG Version: 2.1.0 Build 152)  -->\n  <defs>\n    <style>\n      .st0 {\n        fill: none;\n        stroke: #fff;\n        stroke-linecap: round;\n        stroke-linejoin: round;\n        stroke-width: 2px;\n      }\n    <\/style>\n  <\/defs>\n  <path class=\"st0\" d=\"M10,18.4l6-6-6-6\"\/>\n<\/svg><\/a>\n                                <\/div>                <\/article>\n            <\/div>\n        <\/div>\n    <\/div>\n<\/section>\n\n\n\n<section id=\"block-bildtext-block_fc05ad818c22e53bc4eca867cd0bd7de\" class=\"block block-bildtext pt-lg pb-lg bg-beige image-right\">\n    <div class=\"container\">\n        <div class=\"block-bildtext_inner\">\n            \n            \n            <div class=\"block-bildtext_image\">\n                                    <a href=\"https:\/\/www.stiftung-mbf.ch\/ls\/kinder-jugendliche\/ausbildung-mit-iv\/\" target=\"_self\">\n                                            <picture>\n            <source srcset=\"https:\/\/www.stiftung-mbf.ch\/wp-content\/uploads\/2025\/11\/lena-mbf-19-754x503.jpg\" media=\"(max-width:768px)\">\n            <source srcset=\"https:\/\/www.stiftung-mbf.ch\/wp-content\/uploads\/2025\/11\/lena-mbf-19-1508x1005.jpg\" media=\"(min-width:769px)\">\n            <img class=\"focus-srcset-img\"\n                 decoding=\"async\"\n                 loading=\"lazy\"\n                 src=\"https:\/\/www.stiftung-mbf.ch\/wp-content\/uploads\/2025\/11\/lena-mbf-19-1508x1005.jpg\"\n                                  alt=\"Schreinerin bearbeitet Holz in der Werkstatt \u2013 Ausbildung und Teilhabe bei der Stiftung MBF.\"\n                 style=\"object-position: 50% 50%;\">\n        <\/picture>\n                                            <\/a>\n                            <\/div>\n           \n            <div class=\"block-bildtext_content bg-default\">\n                                    <h2 class=\"heading-3\">Ausbildung mit IV<\/h2>\n                \n                <article class=\"content text-editor\">\n                    <div class=\"flex flex-col text-sm pb-25\">\n<section class=\"text-token-text-primary w-full focus:outline-none [--shadow-height:45px] has-data-writing-block:pointer-events-none has-data-writing-block:-mt-(--shadow-height) has-data-writing-block:pt-(--shadow-height) [&amp;:has([data-writing-block])&gt;*]:pointer-events-auto scroll-mt-[calc(var(--header-height)+min(200px,max(70px,20svh)))]\" dir=\"auto\" data-turn-id=\"request-69c05dfa-82d4-8388-9fdc-ecf6577c6b49-31\" data-testid=\"conversation-turn-176\" data-scroll-anchor=\"true\" data-turn=\"assistant\">\n<div class=\"text-base my-auto mx-auto pb-10 [--thread-content-margin:var(--thread-content-margin-xs,calc(var(--spacing)*4))] @w-sm\/main:[--thread-content-margin:var(--thread-content-margin-sm,calc(var(--spacing)*6))] @w-lg\/main:[--thread-content-margin:var(--thread-content-margin-lg,calc(var(--spacing)*16))] px-(--thread-content-margin)\">\n<div class=\"[--thread-content-max-width:40rem] @w-lg\/main:[--thread-content-max-width:48rem] mx-auto max-w-(--thread-content-max-width) flex-1 group\/turn-messages focus-visible:outline-hidden relative flex w-full min-w-0 flex-col agent-turn\">\n<div class=\"flex max-w-full flex-col gap-4 grow\">\n<div class=\"min-h-8 text-message relative flex w-full flex-col items-end gap-2 text-start break-words whitespace-normal outline-none keyboard-focused:focus-ring [.text-message+&amp;]:mt-1\" dir=\"auto\" data-message-author-role=\"assistant\" data-message-id=\"5ceaf892-b5f7-41bc-9b8b-f417acb9998f\" data-message-model-slug=\"gpt-5-3\" data-turn-start-message=\"true\">\n<div class=\"flex w-full flex-col gap-1 empty:hidden\">\n<div class=\"markdown prose dark:prose-invert w-full wrap-break-word light markdown-new-styling\">\n<p data-start=\"90\" data-end=\"255\">Junge Menschen mit Unterst\u00fctzungs-Bedarf<br \/>\nfinden bei der Stiftung MBF eine passende Ausbildung.<br data-start=\"184\" data-end=\"187\" \/>Die Ausbildung st\u00e4rkt F\u00e4higkeiten.<br \/>\nUnd hilft beim Start in den Beruf.<\/p>\n<p data-start=\"257\" data-end=\"304\">Es gibt verschiedene Ausbildungs-M\u00f6glichkeiten.<\/p>\n<p data-start=\"306\" data-end=\"319\">Zum Beispiel:<\/p>\n<ul>\n<li data-start=\"321\" data-end=\"382\">PrA Ausbildung<\/li>\n<li data-start=\"321\" data-end=\"382\">EBA Ausbildung<\/li>\n<li data-start=\"321\" data-end=\"382\">Ausbildung in einem Betrieb<\/li>\n<\/ul>\n<p data-start=\"384\" data-end=\"442\" data-is-last-node=\"\" data-is-only-node=\"\">So finden junge Menschen einen guten Weg f\u00fcr ihre Zukunft.<\/p>\n<\/div>\n<\/div>\n<\/div>\n<\/div>\n<\/div>\n<\/div>\n<\/section>\n<\/div>\n<div class=\"buttons\">                                    <a class=\"button arrow\" href=\"https:\/\/www.stiftung-mbf.ch\/ls\/kinder-jugendliche\/ausbildung-mit-iv\/\" target=\"_self\">Mehr zu Ausbildung mit IV <?xml version=\"1.0\" encoding=\"UTF-8\"?>\n<svg id=\"Ebene_1\" xmlns=\"http:\/\/www.w3.org\/2000\/svg\" version=\"1.1\" viewBox=\"0 0 24 25\">\n  <!-- Generator: Adobe Illustrator 29.4.0, SVG Export Plug-In . SVG Version: 2.1.0 Build 152)  -->\n  <defs>\n    <style>\n      .st0 {\n        fill: none;\n        stroke: #fff;\n        stroke-linecap: round;\n        stroke-linejoin: round;\n        stroke-width: 2px;\n      }\n    <\/style>\n  <\/defs>\n  <path class=\"st0\" d=\"M10,18.4l6-6-6-6\"\/>\n<\/svg><\/a>\n                                <\/div>                <\/article>\n            <\/div>\n        <\/div>\n    <\/div>\n<\/section>\n\n\n\n<section id=\"block-bildtext-block_516b41588953ec5bcf371cb06bcd6f37\" class=\"block block-bildtext pt-lg pb-lg bg-beige image-left\">\n    <div class=\"container\">\n        <div class=\"block-bildtext_inner\">\n            \n            \n            <div class=\"block-bildtext_image\">\n                                            <picture>\n            <source srcset=\"https:\/\/www.stiftung-mbf.ch\/wp-content\/uploads\/2025\/11\/Stiftung-MBF-255-754x503.jpg\" media=\"(max-width:768px)\">\n            <source srcset=\"https:\/\/www.stiftung-mbf.ch\/wp-content\/uploads\/2025\/11\/Stiftung-MBF-255-1508x1005.jpg\" media=\"(min-width:769px)\">\n            <img class=\"focus-srcset-img\"\n                 decoding=\"async\"\n                 loading=\"lazy\"\n                 src=\"https:\/\/www.stiftung-mbf.ch\/wp-content\/uploads\/2025\/11\/Stiftung-MBF-255-1508x1005.jpg\"\n                                  alt=\"Pers\u00f6nliches Beratungsgespr\u00e4ch in der Stiftung MBF, mit Fokus auf individuelle Unterst\u00fctzung und Teilhabe.\"\n                 style=\"object-position: 50% 50%;\">\n        <\/picture>\n                                    <\/div>\n           \n            <div class=\"block-bildtext_content bg-default\">\n                                    <h2 class=\"heading-3\">Beratung f\u00fcr Regel-Schulen<\/h2>\n                \n                <article class=\"content text-editor\">\n                    <p data-start=\"743\" data-end=\"843\">Die Stiftung MBF ber\u00e4t Lehr-Personen in Regel-Schulen.<br data-start=\"797\" data-end=\"800\" \/>Regel-Schulen sind Schulen f\u00fcr alle Kinder.<\/p>\n<p data-start=\"845\" data-end=\"1038\">Die Beratung hilft bei Kindern mit Behin\u00adderung.<br data-start=\"893\" data-end=\"896\" \/>Die Beratung hilft bei der Integra\u00adtion in der Schule.<br data-start=\"950\" data-end=\"953\" \/>Integra\u00adtion bedeutet:<br data-start=\"975\" data-end=\"978\" \/>Kinder mit Behin\u00adderung lernen zusammen mit anderen Kindern.<\/p>\n<p>Die Beratung ist f\u00fcr Lehr-Personen<br \/>\nDie Beratung ist pers\u00f6n\u00adlich.<br data-start=\"1069\" data-end=\"1072\" \/>Die Beratung ist direkt.<br data-start=\"1096\" data-end=\"1099\" \/>Die Beratung ist kosten-los.<\/p>\n<div class=\"buttons\"><\/div>                <\/article>\n            <\/div>\n        <\/div>\n    <\/div>\n<\/section>\n\n\n\n<section id=\"kontakt\" class=\"block block-personen pt-lg pb-lg bg-white\">\n    <div class=\"container\">\n        <div class=\"content\">\n            <div class=\"block-personen_contents\">\n                                    <h2 class=\"heading-2\">Haben Sie Fragen? Brauchen Sie Unterst\u00fctzung?<\/h2>\n                \n                                <div class=\"typo-lead\">\n                    <p>Dann melden Sie sich bei uns.<br \/>\nWir helfen Ihnen gerne weiter.<\/p>\n                <\/div>\n                            <\/div>\n  \n                            <div class=\"block-personen_personen\">\n                    \n                    <div class=\"block-personen_person\">\n                        <div class=\"block-personen_image\">\n                                                                    <picture>\n            <source srcset=\"https:\/\/www.stiftung-mbf.ch\/wp-content\/uploads\/2025\/10\/251001-1-0-ecl-Bilder-Kontaktpersonen-Webseite-Luisa-Kasper-358x423-px.png\" media=\"(max-width:768px)\">\n            <source srcset=\"https:\/\/www.stiftung-mbf.ch\/wp-content\/uploads\/2025\/10\/251001-1-0-ecl-Bilder-Kontaktpersonen-Webseite-Luisa-Kasper-358x423-px.png\" media=\"(min-width:769px)\">\n            <img class=\"focus-srcset-img\"\n                 decoding=\"async\"\n                 loading=\"lazy\"\n                 src=\"https:\/\/www.stiftung-mbf.ch\/wp-content\/uploads\/2025\/10\/251001-1-0-ecl-Bilder-Kontaktpersonen-Webseite-Luisa-Kasper-358x423-px.png\"\n                                  alt=\"251001 1-0 ecl Bilder Kontaktpersonen Webseite-Luisa Kasper &#8211; 358&#215;423 px\"\n                 style=\"object-position: 50% 50%;\">\n        <\/picture>\n                                                            <\/div>\n\n                        <div class=\"block-personen_inhalt\">\n                            <h3 class=\"heading-3\">Luisa Kasper<\/h3>\n\n                            \n                            \n                                                                                                <div class=\"funktion ls color-default\">\n                                        Ansprech-Person im Schul-B\u00fcro f\u00fcr Kinder und Eltern                                    <\/div>\n                                                            \n                            <div class=\"block-personen_links\">\n                                                                    <div class=\"telefon\"><svg width=\"24\" height=\"25\" viewBox=\"0 0 24 25\" fill=\"none\" xmlns=\"http:\/\/www.w3.org\/2000\/svg\">\n<g id=\"icon\/phone\/icon\/phone\/False\/Default\">\n<path id=\"Vector\" d=\"M18.1185 14.8495L14.0003 15.6475C11.2186 14.2513 9.50032 12.6475 8.50032 10.1475L9.27027 6.01736L7.81484 2.14746H4.06392C2.93637 2.14746 2.04846 3.07924 2.21686 4.19414C2.63727 6.97746 3.87685 12.024 7.50032 15.6475C11.3055 19.4527 16.786 21.1039 19.8023 21.7602C20.9671 22.0137 22.0003 21.105 22.0003 19.913V16.3287L18.1185 14.8495Z\" stroke=\"#00A0E6\" stroke-width=\"2\" stroke-linecap=\"round\" stroke-linejoin=\"round\"\/>\n<\/g>\n<\/svg>\n <a href=\"tel:+41628661313\">062 866 13 13<\/a><\/div>\n                                \n                                                                <div class=\"email\"><svg width=\"24\" height=\"25\" viewBox=\"0 0 24 25\" fill=\"none\" xmlns=\"http:\/\/www.w3.org\/2000\/svg\">\n<g id=\"icon\/mail\/icon\/mail\/False\/Default\">\n<path id=\"Vector\" d=\"M7 9.14746L12 12.6475L17 9.14746\" stroke=\"#00A0E6\" stroke-width=\"2\" stroke-linecap=\"round\" stroke-linejoin=\"round\"\/>\n<path id=\"Vector_2\" d=\"M2 17.1475V7.14746C2 6.04289 2.89543 5.14746 4 5.14746H20C21.1046 5.14746 22 6.04289 22 7.14746V17.1475C22 18.2521 21.1046 19.1475 20 19.1475H4C2.89543 19.1475 2 18.2521 2 17.1475Z\" stroke=\"#00A0E6\" stroke-width=\"2\"\/>\n<\/g>\n<\/svg>\n <a href=\"mailto:luisa.kasper@hps-fricktal.ch\">luisa.kasper@hps-fricktal.ch<\/a><\/div>\n                                                            <\/div>\n                        <\/div>\n                    <\/div>\n                    \n                    <div class=\"block-personen_person\">\n                        <div class=\"block-personen_image\">\n                                                                    <picture>\n            <source srcset=\"https:\/\/www.stiftung-mbf.ch\/wp-content\/uploads\/2025\/10\/251001-1-0-ecl-Bilder-Kontaktpersonen-Webseite-Aneliya-Koeck-358x423-px-1.png\" media=\"(max-width:768px)\">\n            <source srcset=\"https:\/\/www.stiftung-mbf.ch\/wp-content\/uploads\/2025\/10\/251001-1-0-ecl-Bilder-Kontaktpersonen-Webseite-Aneliya-Koeck-358x423-px-1.png\" media=\"(min-width:769px)\">\n            <img class=\"focus-srcset-img\"\n                 decoding=\"async\"\n                 loading=\"lazy\"\n                 src=\"https:\/\/www.stiftung-mbf.ch\/wp-content\/uploads\/2025\/10\/251001-1-0-ecl-Bilder-Kontaktpersonen-Webseite-Aneliya-Koeck-358x423-px-1.png\"\n                                  alt=\"251001 1-0 ecl Bilder Kontaktpersonen Webseite-Aneliya K\u00f6ck &#8211; 358&#215;423 px\"\n                 style=\"object-position: 50% 50%;\">\n        <\/picture>\n                                                            <\/div>\n\n                        <div class=\"block-personen_inhalt\">\n                            <h3 class=\"heading-3\">Aneliya K\u00f6ck<\/h3>\n\n                            \n                            \n                                                                                                <div class=\"funktion ls color-default\">\n                                        Beratung zu Arbeit f\u00fcr Menschen mit IV                                    <\/div>\n                                                            \n                            <div class=\"block-personen_links\">\n                                                                    <div class=\"telefon\"><svg width=\"24\" height=\"25\" viewBox=\"0 0 24 25\" fill=\"none\" xmlns=\"http:\/\/www.w3.org\/2000\/svg\">\n<g id=\"icon\/phone\/icon\/phone\/False\/Default\">\n<path id=\"Vector\" d=\"M18.1185 14.8495L14.0003 15.6475C11.2186 14.2513 9.50032 12.6475 8.50032 10.1475L9.27027 6.01736L7.81484 2.14746H4.06392C2.93637 2.14746 2.04846 3.07924 2.21686 4.19414C2.63727 6.97746 3.87685 12.024 7.50032 15.6475C11.3055 19.4527 16.786 21.1039 19.8023 21.7602C20.9671 22.0137 22.0003 21.105 22.0003 19.913V16.3287L18.1185 14.8495Z\" stroke=\"#00A0E6\" stroke-width=\"2\" stroke-linecap=\"round\" stroke-linejoin=\"round\"\/>\n<\/g>\n<\/svg>\n <a href=\"tel:+41628661205\">062 866 12 05<\/a><\/div>\n                                \n                                                                <div class=\"email\"><svg width=\"24\" height=\"25\" viewBox=\"0 0 24 25\" fill=\"none\" xmlns=\"http:\/\/www.w3.org\/2000\/svg\">\n<g id=\"icon\/mail\/icon\/mail\/False\/Default\">\n<path id=\"Vector\" d=\"M7 9.14746L12 12.6475L17 9.14746\" stroke=\"#00A0E6\" stroke-width=\"2\" stroke-linecap=\"round\" stroke-linejoin=\"round\"\/>\n<path id=\"Vector_2\" d=\"M2 17.1475V7.14746C2 6.04289 2.89543 5.14746 4 5.14746H20C21.1046 5.14746 22 6.04289 22 7.14746V17.1475C22 18.2521 21.1046 19.1475 20 19.1475H4C2.89543 19.1475 2 18.2521 2 17.1475Z\" stroke=\"#00A0E6\" stroke-width=\"2\"\/>\n<\/g>\n<\/svg>\n <a href=\"mailto:akoeck@stiftung-mbf.ch\">akoeck@stiftung-mbf.ch<\/a><\/div>\n                                                            <\/div>\n                        <\/div>\n                    <\/div>\n                                    <\/div>\n                    <\/div>\n    <\/div>\n<\/section>\n\n\n<section id=\"block-pagelinks-block_0ab7ba7ab95265d8854d9283197f007b\" class=\"block block-pagelinks pt-lg pb-lg bg-beige\">\n    <div class=\"container\">\n        <div class=\"grid gutter-24\">\n                        <div class=\"block-pagelinks_title col-12\">\n                <h2 class=\"heading-2\">Das ist auch wichtig f\u00fcr Sie<\/h2>\n            <\/div>\n                                        <div class=\"col-12 col-md-4\">\n                    <a href=\"https:\/\/www.stiftung-mbf.ch\/erwachsene\/wohnen\/\" class=\"block-pagelinks_linkbox\">\n                        <div class=\"block-pagelinks_content\">\n                            <h3 class=\"heading-4 color-default\">Wohnen bei uns<\/h3>\n                            <div class=\"text\">Ein Zuhause, das st\u00e4rkt<\/div>                        <\/div>\n                        <span class=\"moreicon\"><?xml version=\"1.0\" encoding=\"UTF-8\"?>\n<svg id=\"Ebene_1\" xmlns=\"http:\/\/www.w3.org\/2000\/svg\" version=\"1.1\" viewBox=\"0 0 24 25\">\n  <!-- Generator: Adobe Illustrator 29.4.0, SVG Export Plug-In . SVG Version: 2.1.0 Build 152)  -->\n  <defs>\n    <style>\n      .st0 {\n        fill: none;\n        stroke: #fff;\n        stroke-linecap: round;\n        stroke-linejoin: round;\n        stroke-width: 2px;\n      }\n    <\/style>\n  <\/defs>\n  <path class=\"st0\" d=\"M10,18.4l6-6-6-6\"\/>\n<\/svg><\/span>\n                    <\/a>\n                <\/div>\n                            <div class=\"col-12 col-md-4\">\n                    <a href=\"https:\/\/www.stiftung-mbf.ch\/stiftung-mbf\/\" class=\"block-pagelinks_linkbox\">\n                        <div class=\"block-pagelinks_content\">\n                            <h3 class=\"heading-4 color-default\">Wer wir sind und was wir machen<\/h3>\n                            <div class=\"text\">Mehr \u00fcber Auftrag und Organisation<\/div>                        <\/div>\n                        <span class=\"moreicon\"><?xml version=\"1.0\" encoding=\"UTF-8\"?>\n<svg id=\"Ebene_1\" xmlns=\"http:\/\/www.w3.org\/2000\/svg\" version=\"1.1\" viewBox=\"0 0 24 25\">\n  <!-- Generator: Adobe Illustrator 29.4.0, SVG Export Plug-In . SVG Version: 2.1.0 Build 152)  -->\n  <defs>\n    <style>\n      .st0 {\n        fill: none;\n        stroke: #fff;\n        stroke-linecap: round;\n        stroke-linejoin: round;\n        stroke-width: 2px;\n      }\n    <\/style>\n  <\/defs>\n  <path class=\"st0\" d=\"M10,18.4l6-6-6-6\"\/>\n<\/svg><\/span>\n                    <\/a>\n                <\/div>\n                            <div class=\"col-12 col-md-4\">\n                    <a href=\"https:\/\/www.stiftung-mbf.ch\/aktuelles\/\" class=\"block-pagelinks_linkbox\">\n                        <div class=\"block-pagelinks_content\">\n                            <h3 class=\"heading-4 color-default\">Anl\u00e4sse und Neuigkeiten<\/h3>\n                            <div class=\"text\">Veranstaltungen, News und Medienberichte entdecken<\/div>                        <\/div>\n                        <span class=\"moreicon\"><?xml version=\"1.0\" encoding=\"UTF-8\"?>\n<svg id=\"Ebene_1\" xmlns=\"http:\/\/www.w3.org\/2000\/svg\" version=\"1.1\" viewBox=\"0 0 24 25\">\n  <!-- Generator: Adobe Illustrator 29.4.0, SVG Export Plug-In . SVG Version: 2.1.0 Build 152)  -->\n  <defs>\n    <style>\n      .st0 {\n        fill: none;\n        stroke: #fff;\n        stroke-linecap: round;\n        stroke-linejoin: round;\n        stroke-width: 2px;\n      }\n    <\/style>\n  <\/defs>\n  <path class=\"st0\" d=\"M10,18.4l6-6-6-6\"\/>\n<\/svg><\/span>\n                    <\/a>\n                <\/div>\n                    <\/div>\n    <\/div>\n<\/section>\n","protected":false},"excerpt":{"rendered":"","protected":false},"author":1,"featured_media":1597,"parent":0,"menu_order":0,"comment_status":"closed","ping_status":"closed","template":"","meta":{"_acf_changed":true,"footnotes":""},"class_list":["post-8759","page","type-page","status-publish","has-post-thumbnail","hentry"],"acf":[],"_links":{"self":[{"href":"https:\/\/www.stiftung-mbf.ch\/ls\/wp-json\/wp\/v2\/pages\/8759","targetHints":{"allow":["GET"]}}],"collection":[{"href":"https:\/\/www.stiftung-mbf.ch\/ls\/wp-json\/wp\/v2\/pages"}],"about":[{"href":"https:\/\/www.stiftung-mbf.ch\/ls\/wp-json\/wp\/v2\/types\/page"}],"author":[{"embeddable":true,"href":"https:\/\/www.stiftung-mbf.ch\/ls\/wp-json\/wp\/v2\/users\/1"}],"replies":[{"embeddable":true,"href":"https:\/\/www.stiftung-mbf.ch\/ls\/wp-json\/wp\/v2\/comments?post=8759"}],"version-history":[{"count":37,"href":"https:\/\/www.stiftung-mbf.ch\/ls\/wp-json\/wp\/v2\/pages\/8759\/revisions"}],"predecessor-version":[{"id":9886,"href":"https:\/\/www.stiftung-mbf.ch\/ls\/wp-json\/wp\/v2\/pages\/8759\/revisions\/9886"}],"wp:featuredmedia":[{"embeddable":true,"href":"https:\/\/www.stiftung-mbf.ch\/ls\/wp-json\/wp\/v2\/media\/1597"}],"wp:attachment":[{"href":"https:\/\/www.stiftung-mbf.ch\/ls\/wp-json\/wp\/v2\/media?parent=8759"}],"curies":[{"name":"wp","href":"https:\/\/api.w.org\/{rel}","templated":true}]}}