{"id":1923,"date":"2025-10-06T08:57:23","date_gmt":"2025-10-06T06:57:23","guid":{"rendered":"https:\/\/www.stiftung-mbf.ch\/?post_type=product&#038;p=1923"},"modified":"2026-03-27T09:40:56","modified_gmt":"2026-03-27T08:40:56","slug":"pfeffer-s-buche","status":"publish","type":"product","link":"https:\/\/www.stiftung-mbf.ch\/ls\/produkt\/pfeffer-s-buche\/","title":{"rendered":"PFEFFER &#8211; S (Buche)"},"content":{"rendered":"<p>Gew\u00fcrzm\u00fchlen f\u00fcr Salz und Pfeffer in den Gr\u00f6ssen S und L sowie f\u00fcr Muskatnuss werden mit einem hochwertigen Schweizer Mahlwerk best\u00fcckt. Dank dem steckbaren Verschluss ohne sichtbare Schraube wirken die M\u00fchlen dezent und dennoch ist deren Wertigkeit elegant angedeutet. Unsere Gew\u00fcrzm\u00fchlen lassen sich optimal durch das\u00a0<a href=\"https:\/\/www.stein-made.ch\/kueche\/depot-s-aluminium\" rel=\"nofollow noopener\" target=\"_blank\">Depot S<\/a>\u00a0[Einzeluntersetzer] oder das\u00a0<a href=\"https:\/\/www.stein-made.ch\/kueche\/depot-l-buche\" rel=\"nofollow noopener\" target=\"_blank\">Depot L<\/a>\u00a0[Untersetzer f\u00fcr drei M\u00fchlen] erg\u00e4nzen.<\/p>\n<p>Auch mit Logo oder Branding individualisierbar. Unser Verkaufsteam ber\u00e4t Sie gern.<span style=\"color: #104578;\"><a style=\"color: #104578;\" href=\"https:\/\/www.stiftung-mbf.ch\/kontakt\/?kontakt=produkte-dienstleistungen#Kontaktformular\">&gt; Mit einem Klick die M\u00f6glichkeiten f\u00fcr Ihr Logo auf diesem Produkt anfragen!<\/a><\/span>&lt;\/p<\/p>\n","protected":false},"excerpt":{"rendered":"<h1>Kleine Pfefferm\u00fchle, ge\u00f6lt<\/h1>\n","protected":false},"featured_media":2385,"comment_status":"closed","ping_status":"closed","template":"","meta":{"_acf_changed":false},"product_brand":[],"product_cat":[38],"product_tag":[41,48,51],"class_list":{"0":"post-1923","1":"product","2":"type-product","3":"status-publish","4":"has-post-thumbnail","6":"product_cat-steinmade-kuechenhelfer-holzaccessoires","7":"product_tag-kueche","8":"product_tag-muehle","9":"product_tag-pfeffer","11":"first","12":"instock","13":"taxable","14":"shipping-taxable","15":"purchasable","16":"product-type-simple"},"acf":[],"_links":{"self":[{"href":"https:\/\/www.stiftung-mbf.ch\/ls\/wp-json\/wp\/v2\/product\/1923","targetHints":{"allow":["GET"]}}],"collection":[{"href":"https:\/\/www.stiftung-mbf.ch\/ls\/wp-json\/wp\/v2\/product"}],"about":[{"href":"https:\/\/www.stiftung-mbf.ch\/ls\/wp-json\/wp\/v2\/types\/product"}],"replies":[{"embeddable":true,"href":"https:\/\/www.stiftung-mbf.ch\/ls\/wp-json\/wp\/v2\/comments?post=1923"}],"wp:featuredmedia":[{"embeddable":true,"href":"https:\/\/www.stiftung-mbf.ch\/ls\/wp-json\/wp\/v2\/media\/2385"}],"wp:attachment":[{"href":"https:\/\/www.stiftung-mbf.ch\/ls\/wp-json\/wp\/v2\/media?parent=1923"}],"wp:term":[{"taxonomy":"product_brand","embeddable":true,"href":"https:\/\/www.stiftung-mbf.ch\/ls\/wp-json\/wp\/v2\/product_brand?post=1923"},{"taxonomy":"product_cat","embeddable":true,"href":"https:\/\/www.stiftung-mbf.ch\/ls\/wp-json\/wp\/v2\/product_cat?post=1923"},{"taxonomy":"product_tag","embeddable":true,"href":"https:\/\/www.stiftung-mbf.ch\/ls\/wp-json\/wp\/v2\/product_tag?post=1923"}],"curies":[{"name":"wp","href":"https:\/\/api.w.org\/{rel}","templated":true}]}}